{"id":64,"date":"2026-02-19T20:52:52","date_gmt":"2026-02-19T19:52:52","guid":{"rendered":"https:\/\/v2.lycee-alfredcostes.fr\/index.php\/politique-confidentialite\/"},"modified":"2026-02-19T20:52:52","modified_gmt":"2026-02-19T19:52:52","slug":"politique-confidentialite","status":"publish","type":"page","link":"https:\/\/v2.lycee-alfredcostes.fr\/index.php\/politique-confidentialite\/","title":{"rendered":"Politique de Confidentialit\u00e9"},"content":{"rendered":"\n<h2 class=\"wp-block-heading\">Traitement des donn\u00e9es personnelles<\/h2>\n\n\n\n<p>Le Lyc\u00e9e Alfred Costes s&rsquo;engage \u00e0 ce que la collecte et le traitement de vos donn\u00e9es, effectu\u00e9s \u00e0 partir du site, soient conformes au r\u00e8glement g\u00e9n\u00e9ral sur la protection des donn\u00e9es (RGPD) et \u00e0 la loi Informatique et Libert\u00e9s.<\/p>\n\n\n\n<h2 class=\"wp-block-heading\">Formulaires de contact<\/h2>\n\n\n\n<p>Les informations recueillies via les formulaires de contact sont limit\u00e9es au strict n\u00e9cessaire (minimisation des donn\u00e9es) et ne sont utilis\u00e9es que pour r\u00e9pondre \u00e0 votre demande. Elles ne sont en aucun cas communiqu\u00e9es \u00e0 des tiers.<\/p>\n\n\n\n<h2 class=\"wp-block-heading\">Cookies<\/h2>\n\n\n\n<p>Ce site utilise des cookies uniquement pour des mesures d&rsquo;audience anonymes et pour le bon fonctionnement technique du site. Vous pouvez vous opposer au suivi de votre navigation via les param\u00e8tres de votre navigateur.<\/p>\n\n\n\n<h2 class=\"wp-block-heading\">Vos droits<\/h2>\n\n\n\n<p>Vous disposez d&rsquo;un droit d&rsquo;acc\u00e8s, de rectification et d&rsquo;effacement de vos donn\u00e9es. Pour exercer ces droits, vous pouvez nous contacter par courrier ou par email \u00e0 l&rsquo;adresse indiqu\u00e9e dans les mentions l\u00e9gales.<\/p>\n","protected":false},"excerpt":{"rendered":"<p>Traitement des donn\u00e9es personnelles Le Lyc\u00e9e Alfred Costes s&rsquo;engage \u00e0 ce que la collecte et le traitement de vos donn\u00e9es, effectu\u00e9s \u00e0 partir du site, soient conformes au r\u00e8glement g\u00e9n\u00e9ral sur la protection des donn\u00e9es (RGPD) et \u00e0 la loi Informatique et Libert\u00e9s. Formulaires de contact Les informations recueillies via les formulaires de contact sont [&hellip;]<\/p>\n","protected":false},"author":0,"featured_media":0,"parent":0,"menu_order":0,"comment_status":"closed","ping_status":"closed","template":"","meta":{"footnotes":""},"class_list":["post-64","page","type-page","status-publish","hentry"],"_links":{"self":[{"href":"https:\/\/v2.lycee-alfredcostes.fr\/index.php\/wp-json\/wp\/v2\/pages\/64","targetHints":{"allow":["GET"]}}],"collection":[{"href":"https:\/\/v2.lycee-alfredcostes.fr\/index.php\/wp-json\/wp\/v2\/pages"}],"about":[{"href":"https:\/\/v2.lycee-alfredcostes.fr\/index.php\/wp-json\/wp\/v2\/types\/page"}],"replies":[{"embeddable":true,"href":"https:\/\/v2.lycee-alfredcostes.fr\/index.php\/wp-json\/wp\/v2\/comments?post=64"}],"version-history":[{"count":0,"href":"https:\/\/v2.lycee-alfredcostes.fr\/index.php\/wp-json\/wp\/v2\/pages\/64\/revisions"}],"wp:attachment":[{"href":"https:\/\/v2.lycee-alfredcostes.fr\/index.php\/wp-json\/wp\/v2\/media?parent=64"}],"curies":[{"name":"wp","href":"https:\/\/api.w.org\/{rel}","templated":true}]}}