{"id":18,"date":"2026-01-25T18:49:21","date_gmt":"2026-01-25T17:49:21","guid":{"rendered":"https:\/\/v2.lycee-alfredcostes.fr\/index.php\/les-entreprises\/"},"modified":"2026-01-25T18:49:21","modified_gmt":"2026-01-25T17:49:21","slug":"les-entreprises","status":"publish","type":"page","link":"https:\/\/v2.lycee-alfredcostes.fr\/index.php\/les-entreprises\/","title":{"rendered":"Les Entreprises"},"content":{"rendered":"<div class=\"entry-content\">\n<hr class=\"wp-block-separator alignfull has-alpha-channel-opacity is-style-wide\">\n<nav class=\"is-responsive items-justified-center alignfull wp-block-navigation is-content-justification-center is-layout-flex wp-container-core-navigation-is-layout-a89b3969 wp-block-navigation-is-layout-flex\" aria-label=\"Navigation\" data-wp-interactive=\"core\/navigation\" data-wp-context='{\"overlayOpenedBy\":{\"click\":false,\"hover\":false,\"focus\":false},\"type\":\"overlay\",\"roleAttribute\":\"\",\"ariaLabel\":\"Menu\"}'><button aria-haspopup=\"dialog\" aria-label=\"Ouvrir le menu\" class=\"wp-block-navigation__responsive-container-open\" data-wp-on--click=\"actions.openMenuOnClick\" data-wp-on--keydown=\"actions.handleMenuKeydown\"><\/button><\/p>\n<div class=\"wp-block-navigation__responsive-container\" id=\"modal-1\" data-wp-class--has-modal-open=\"state.isMenuOpen\" data-wp-class--is-menu-open=\"state.isMenuOpen\" data-wp-watch=\"callbacks.initMenu\" data-wp-on--keydown=\"actions.handleMenuKeydown\" data-wp-on--focusout=\"actions.handleMenuFocusout\">\n<div class=\"wp-block-navigation__responsive-close\">\n<div class=\"wp-block-navigation__responsive-dialog\" data-wp-bind--aria-modal=\"state.ariaModal\" data-wp-bind--aria-label=\"state.ariaLabel\" data-wp-bind--role=\"state.roleAttribute\">\n\t\t\t\t\t\t\t<button aria-label=\"Fermer le menu\" class=\"wp-block-navigation__responsive-container-close\" data-wp-on--click=\"actions.closeMenuOnClick\"><\/button><\/p>\n<div class=\"wp-block-navigation__responsive-container-content\" data-wp-watch=\"callbacks.focusFirstElement\" id=\"modal-1-content\">\n<ul class=\"wp-block-navigation__container is-responsive items-justified-center alignfull wp-block-navigation\">\n<li class=\" wp-block-navigation-item wp-block-navigation-link\"><a class=\"wp-block-navigation-item__content\" href=\"https:\/\/alfredcostesfr.wordpress.com\/\"><span class=\"wp-block-navigation-item__label\"><strong>Accueil<\/strong><\/span><\/a><\/li>\n<li data-wp-context='{ \"submenuOpenedBy\": { \"click\": false, \"hover\": false, \"focus\": false }, \"type\": \"submenu\", \"modal\": null, \"previousFocus\": null }' data-wp-interactive=\"core\/navigation\" data-wp-on--focusout=\"actions.handleMenuFocusout\" data-wp-on--keydown=\"actions.handleMenuKeydown\" data-wp-on--mouseenter=\"actions.openMenuOnHover\" data-wp-on--mouseleave=\"actions.closeMenuOnHover\" data-wp-watch=\"callbacks.initMenu\" class=\"wp-block-navigation-item has-child open-on-hover-click wp-block-navigation-submenu\"><a class=\"wp-block-navigation-item__content\"><span class=\"wp-block-navigation-item__label\"><strong>Actualit\u00e9s<\/strong><\/span><\/a><button data-wp-bind--aria-expanded=\"state.isMenuOpen\" data-wp-on--click=\"actions.toggleMenuOnClick\" aria-label=\"Sous-menu Actualit\u00e9s\" class=\"wp-block-navigation__submenu-icon wp-block-navigation-submenu__toggle\"><\/button>\n<ul data-wp-on--focus=\"actions.openMenuOnFocus\" class=\"wp-block-navigation__submenu-container wp-block-navigation-submenu\">\n<li class=\" wp-block-navigation-item wp-block-navigation-link\"><a class=\"wp-block-navigation-item__content\" href=\"https:\/\/alfredcostesfr.wordpress.com\/journee-portes-ouvert\/\"><span class=\"wp-block-navigation-item__label\">Journ\u00e9es Portes Ouvertes<\/span><\/a><\/li>\n<li class=\" wp-block-navigation-item wp-block-navigation-link\"><a class=\"wp-block-navigation-item__content\" href=\"https:\/\/alfredcostesfr.wordpress.com\/dates-des-pfmp-2025-2026-periodes-de-formations-en-milieu-professionnel\/\"><span class=\"wp-block-navigation-item__label\">Dates de PFMP 2025-2026<\/span><\/a><\/li>\n<li class=\" wp-block-navigation-item wp-block-navigation-link\"><a class=\"wp-block-navigation-item__content\" href=\"https:\/\/alfredcostesfr.wordpress.com\/hebdo\/\"><span class=\"wp-block-navigation-item__label\">Oriane<\/span><\/a><\/li>\n<li class=\" wp-block-navigation-item wp-block-navigation-link\"><a class=\"wp-block-navigation-item__content\" href=\"https:\/\/alfredcostesfr.wordpress.com\/conseils-de-classe\/\"><span class=\"wp-block-navigation-item__label\">Conseils de classe<\/span><\/a><\/li>\n<li class=\" wp-block-navigation-item wp-block-navigation-link\"><a class=\"wp-block-navigation-item__content\" href=\"https:\/\/alfredcostesfr.wordpress.com\/mini-stage\/\"><span class=\"wp-block-navigation-item__label\">Mini-Stages<\/span><\/a><\/li>\n<\/ul>\n<\/li>\n<li data-wp-context='{ \"submenuOpenedBy\": { \"click\": false, \"hover\": false, \"focus\": false }, \"type\": \"submenu\", \"modal\": null, \"previousFocus\": null }' data-wp-interactive=\"core\/navigation\" data-wp-on--focusout=\"actions.handleMenuFocusout\" data-wp-on--keydown=\"actions.handleMenuKeydown\" data-wp-on--mouseenter=\"actions.openMenuOnHover\" data-wp-on--mouseleave=\"actions.closeMenuOnHover\" data-wp-watch=\"callbacks.initMenu\" class=\"wp-block-navigation-item has-child open-on-hover-click wp-block-navigation-submenu\"><a class=\"wp-block-navigation-item__content\"><span class=\"wp-block-navigation-item__label\"><strong>Formations<\/strong><\/span><\/a><button data-wp-bind--aria-expanded=\"state.isMenuOpen\" data-wp-on--click=\"actions.toggleMenuOnClick\" aria-label=\"Sous-menu Formations\" class=\"wp-block-navigation__submenu-icon wp-block-navigation-submenu__toggle\"><\/button>\n<ul data-wp-on--focus=\"actions.openMenuOnFocus\" class=\"wp-block-navigation__submenu-container wp-block-navigation-submenu\">\n<li class=\" wp-block-navigation-item wp-block-navigation-link\"><a class=\"wp-block-navigation-item__content\" href=\"https:\/\/alfredcostesfr.wordpress.com\/communication-visuelle-plurimedia\/\"><span class=\"wp-block-navigation-item__label\">Communication Visuelle et Plurim\u00e9dia<\/span><\/a><\/li>\n<li class=\" wp-block-navigation-item wp-block-navigation-link\"><a class=\"wp-block-navigation-item__content\" href=\"https:\/\/alfredcostesfr.wordpress.com\/industries-graphiques-plurimedia\/\"><span class=\"wp-block-navigation-item__label\">Industries Graphiques et Plurim\u00e9dia<\/span><\/a><\/li>\n<li class=\" wp-block-navigation-item wp-block-navigation-link\"><a class=\"wp-block-navigation-item__content\" href=\"https:\/\/alfredcostesfr.wordpress.com\/maintenance-des-equipements-industriels\/\"><span class=\"wp-block-navigation-item__label\">Maintenance des \u00e9quipements industriels<\/span><\/a><\/li>\n<li class=\" wp-block-navigation-item wp-block-navigation-link\"><a class=\"wp-block-navigation-item__content\" href=\"https:\/\/alfredcostesfr.wordpress.com\/systemes-numeriques\/\"><span class=\"wp-block-navigation-item__label\">Cybers\u00e9curit\u00e9, informatique et r\u00e9seaux, \u00e9lectronique (CIEL)<\/span><\/a><\/li>\n<li class=\" wp-block-navigation-item wp-block-navigation-link\"><a class=\"wp-block-navigation-item__content\" href=\"https:\/\/alfredcostesfr.wordpress.com\/fcil\/\"><span class=\"wp-block-navigation-item__label\">FCIL (Formations compl\u00e9mentaires d\u2019initiative locale)<\/span><\/a><\/li>\n<li class=\" wp-block-navigation-item wp-block-navigation-link\"><a class=\"wp-block-navigation-item__content\" href=\"https:\/\/alfredcostesfr.wordpress.com\/bts-erpc\/\"><span class=\"wp-block-navigation-item__label\">BTS ERPC (Etudes de r\u00e9alisation d\u2019un projet de communication)<\/span><\/a><\/li>\n<li class=\" wp-block-navigation-item wp-block-navigation-link\"><a class=\"wp-block-navigation-item__content\" href=\"https:\/\/alfredcostesfr.wordpress.com\/troisieme-prepa-metiers\/\"><span class=\"wp-block-navigation-item__label\">Troisi\u00e8me Pr\u00e9pa-M\u00e9tiers<\/span><\/a><\/li>\n<li class=\" wp-block-navigation-item wp-block-navigation-link\"><a class=\"wp-block-navigation-item__content\" href=\"https:\/\/alfredcostesfr.wordpress.com\/upe2a\/\"><span class=\"wp-block-navigation-item__label\">UPE2A<\/span><\/a><\/li>\n<li class=\" wp-block-navigation-item wp-block-navigation-link\"><a class=\"wp-block-navigation-item__content\" href=\"https:\/\/tutv.fr\/\"><span class=\"wp-block-navigation-item__label\">Dispositif Nouvelle Chance<\/span><\/a><\/li>\n<\/ul>\n<\/li>\n<li data-wp-context='{ \"submenuOpenedBy\": { \"click\": false, \"hover\": false, \"focus\": false }, \"type\": \"submenu\", \"modal\": null, \"previousFocus\": null }' data-wp-interactive=\"core\/navigation\" data-wp-on--focusout=\"actions.handleMenuFocusout\" data-wp-on--keydown=\"actions.handleMenuKeydown\" data-wp-on--mouseenter=\"actions.openMenuOnHover\" data-wp-on--mouseleave=\"actions.closeMenuOnHover\" data-wp-watch=\"callbacks.initMenu\" class=\"wp-block-navigation-item has-child open-on-hover-click wp-block-navigation-submenu\"><a class=\"wp-block-navigation-item__content\"><span class=\"wp-block-navigation-item__label\"><strong>Vie du lyc\u00e9e <\/strong><\/span><\/a><button data-wp-bind--aria-expanded=\"state.isMenuOpen\" data-wp-on--click=\"actions.toggleMenuOnClick\" aria-label=\"Sous-menu Vie du lyc\u00e9e\" class=\"wp-block-navigation__submenu-icon wp-block-navigation-submenu__toggle\"><\/button>\n<ul data-wp-on--focus=\"actions.openMenuOnFocus\" class=\"wp-block-navigation__submenu-container wp-block-navigation-submenu\">\n<li class=\" wp-block-navigation-item wp-block-navigation-link\"><a class=\"wp-block-navigation-item__content\" href=\"https:\/\/alfredcostesfr.wordpress.com\/nos-projet-detablissement\/\"><span class=\"wp-block-navigation-item__label\">Notre projet d\u2019\u00e9tablissement<\/span><\/a><\/li>\n<li class=\" wp-block-navigation-item wp-block-navigation-link\"><a class=\"wp-block-navigation-item__content\" href=\"https:\/\/alfredcostesfr.wordpress.com\/lequipe-enseignante\/\"><span class=\"wp-block-navigation-item__label\">L\u2019\u00e9quipe enseignante\u00a0<\/span><\/a><\/li>\n<li class=\" wp-block-navigation-item wp-block-navigation-link\"><a class=\"wp-block-navigation-item__content\" href=\"https:\/\/alfredcostesfr.wordpress.com\/lequipe-administrative\/\"><span class=\"wp-block-navigation-item__label\">L\u2019\u00e9quipe administrative<\/span><\/a><\/li>\n<li class=\" wp-block-navigation-item wp-block-navigation-link\"><a class=\"wp-block-navigation-item__content\" href=\"https:\/\/alfredcostesfr.wordpress.com\/?page_id=1165\"><span class=\"wp-block-navigation-item__label\">L\u2019intendance vous informe<\/span><\/a><\/li>\n<li class=\" wp-block-navigation-item wp-block-navigation-link\"><a class=\"wp-block-navigation-item__content\" href=\"https:\/\/alfredcostesfr.wordpress.com\/qui-est-alfred-costes\/\"><span class=\"wp-block-navigation-item__label\">Qui \u00e9tait Alfred Costes\u00a0?<\/span><\/a><\/li>\n<li class=\" wp-block-navigation-item wp-block-navigation-link\"><a class=\"wp-block-navigation-item__content\" href=\"https:\/\/alfredcostesfr.wordpress.com\/?page_id=985\"><span class=\"wp-block-navigation-item__label\">Notre CDI<\/span><\/a><\/li>\n<\/ul>\n<\/li>\n<li data-wp-context='{ \"submenuOpenedBy\": { \"click\": false, \"hover\": false, \"focus\": false }, \"type\": \"submenu\", \"modal\": null, \"previousFocus\": null }' data-wp-interactive=\"core\/navigation\" data-wp-on--focusout=\"actions.handleMenuFocusout\" data-wp-on--keydown=\"actions.handleMenuKeydown\" data-wp-on--mouseenter=\"actions.openMenuOnHover\" data-wp-on--mouseleave=\"actions.closeMenuOnHover\" data-wp-watch=\"callbacks.initMenu\" class=\"wp-block-navigation-item has-child open-on-hover-click wp-block-navigation-submenu\"><a class=\"wp-block-navigation-item__content\"><span class=\"wp-block-navigation-item__label\"><strong>Les \u00e9l\u00e8ves<\/strong><\/span><\/a><button data-wp-bind--aria-expanded=\"state.isMenuOpen\" data-wp-on--click=\"actions.toggleMenuOnClick\" aria-label=\"Sous-menu Les \u00e9l\u00e8ves\" class=\"wp-block-navigation__submenu-icon wp-block-navigation-submenu__toggle\"><\/button>\n<ul data-wp-on--focus=\"actions.openMenuOnFocus\" class=\"wp-block-navigation__submenu-container wp-block-navigation-submenu\">\n<li class=\" wp-block-navigation-item wp-block-navigation-link\"><a class=\"wp-block-navigation-item__content\" href=\"https:\/\/alfredcostesfr.wordpress.com\/rentree-scolaire-2023\/\"><span class=\"wp-block-navigation-item__label\">Rentr\u00e9e scolaire 2024<\/span><\/a><\/li>\n<li class=\" wp-block-navigation-item wp-block-navigation-link\"><a class=\"wp-block-navigation-item__content\" href=\"https:\/\/alfredcostesfr.wordpress.com\/sports\/\"><span class=\"wp-block-navigation-item__label\">Sports<\/span><\/a><\/li>\n<li class=\" wp-block-navigation-item wp-block-navigation-link\"><a class=\"wp-block-navigation-item__content\" href=\"https:\/\/alfredcostesfr.wordpress.com\/les-t-shirts-de-las\/\"><span class=\"wp-block-navigation-item__label\">Les T-shirts de\u00a0l\u2019As<\/span><\/a><\/li>\n<\/ul>\n<\/li>\n<li data-wp-context='{ \"submenuOpenedBy\": { \"click\": false, \"hover\": false, \"focus\": false }, \"type\": \"submenu\", \"modal\": null, \"previousFocus\": null }' data-wp-interactive=\"core\/navigation\" data-wp-on--focusout=\"actions.handleMenuFocusout\" data-wp-on--keydown=\"actions.handleMenuKeydown\" data-wp-on--mouseenter=\"actions.openMenuOnHover\" data-wp-on--mouseleave=\"actions.closeMenuOnHover\" data-wp-watch=\"callbacks.initMenu\" class=\"wp-block-navigation-item has-child open-on-hover-click wp-block-navigation-submenu current-menu-ancestor\"><a class=\"wp-block-navigation-item__content\"><span class=\"wp-block-navigation-item__label\"><strong>Les entreprises<\/strong><\/span><\/a><button data-wp-bind--aria-expanded=\"state.isMenuOpen\" data-wp-on--click=\"actions.toggleMenuOnClick\" aria-label=\"Sous-menu Les entreprises\" class=\"wp-block-navigation__submenu-icon wp-block-navigation-submenu__toggle\"><\/button>\n<ul data-wp-on--focus=\"actions.openMenuOnFocus\" class=\"wp-block-navigation__submenu-container wp-block-navigation-submenu\">\n<li class=\" wp-block-navigation-item current-menu-item wp-block-navigation-link has-small-font-size\"><a class=\"wp-block-navigation-item__content\" href=\"https:\/\/alfredcostesfr.wordpress.com\/les-entreprises\/\" aria-current=\"page\"><span class=\"wp-block-navigation-item__label\">Stage<\/span><\/a><\/li>\n<li class=\" wp-block-navigation-item wp-block-navigation-link\"><a class=\"wp-block-navigation-item__content\" href=\"https:\/\/alfredcostesfr.wordpress.com\/bureaux-des-entreprises\/\"><span class=\"wp-block-navigation-item__label\">Bureaux des entreprises<\/span><\/a><\/li>\n<\/ul>\n<\/li>\n<li data-wp-context='{ \"submenuOpenedBy\": { \"click\": false, \"hover\": false, \"focus\": false }, \"type\": \"submenu\", \"modal\": null, \"previousFocus\": null }' data-wp-interactive=\"core\/navigation\" data-wp-on--focusout=\"actions.handleMenuFocusout\" data-wp-on--keydown=\"actions.handleMenuKeydown\" data-wp-on--mouseenter=\"actions.openMenuOnHover\" data-wp-on--mouseleave=\"actions.closeMenuOnHover\" data-wp-watch=\"callbacks.initMenu\" class=\"wp-block-navigation-item has-child open-on-hover-click wp-block-navigation-submenu\"><a class=\"wp-block-navigation-item__content\"><span class=\"wp-block-navigation-item__label\"><strong>Sorties<\/strong>\/<strong>Projets\/Voyages<\/strong><\/span><\/a><button data-wp-bind--aria-expanded=\"state.isMenuOpen\" data-wp-on--click=\"actions.toggleMenuOnClick\" aria-label=\"Sous-menu Sorties\/Projets\/Voyages\" class=\"wp-block-navigation__submenu-icon wp-block-navigation-submenu__toggle\"><\/button>\n<ul data-wp-on--focus=\"actions.openMenuOnFocus\" class=\"wp-block-navigation__submenu-container wp-block-navigation-submenu\">\n<li class=\" wp-block-navigation-item wp-block-navigation-link\"><a class=\"wp-block-navigation-item__content\" href=\"https:\/\/alfredcostesfr.wordpress.com\/sorties\/\"><span class=\"wp-block-navigation-item__label\">Sorties<\/span><\/a><\/li>\n<li class=\" wp-block-navigation-item wp-block-navigation-link\"><a class=\"wp-block-navigation-item__content\" href=\"https:\/\/alfredcostesfr.wordpress.com\/projets\/\"><span class=\"wp-block-navigation-item__label\">Projets<\/span><\/a><\/li>\n<li class=\" wp-block-navigation-item wp-block-navigation-link\"><a class=\"wp-block-navigation-item__content\" href=\"https:\/\/alfredcostesfr.wordpress.com\/voyages\/\"><span class=\"wp-block-navigation-item__label\">Voyages<\/span><\/a><\/li>\n<\/ul>\n<\/li>\n<\/ul><\/div>\n<\/p><\/div>\n<\/p><\/div>\n<\/p><\/div>\n<\/nav>\n<hr class=\"wp-block-separator alignfull has-alpha-channel-opacity is-style-wide\">\n<figure class=\"wp-block-image alignwide size-large\"><img loading=\"lazy\" decoding=\"async\" data-attachment-id=\"429\" data-permalink=\"https:\/\/alfredcostesfr.wordpress.com\/les-entreprises\/entreprise\/\" data-orig-file=\"https:\/\/alfredcostesfr.wordpress.com\/wp-content\/uploads\/2023\/06\/entreprise.png\" data-orig-size=\"699,300\" data-comments-opened=\"1\" data-image-meta='{\"aperture\":\"0\",\"credit\":\"\",\"camera\":\"\",\"caption\":\"\",\"created_timestamp\":\"0\",\"copyright\":\"\",\"focal_length\":\"0\",\"iso\":\"0\",\"shutter_speed\":\"0\",\"title\":\"\",\"orientation\":\"0\"}' data-image-title=\"entreprise\" data-image-description=\"\" data-image-caption=\"\" data-medium-file=\"https:\/\/alfredcostesfr.wordpress.com\/wp-content\/uploads\/2023\/06\/entreprise.png?w=300\" data-large-file=\"https:\/\/alfredcostesfr.wordpress.com\/wp-content\/uploads\/2023\/06\/entreprise.png?w=699\" width=\"699\" height=\"300\" src=\"https:\/\/alfredcostesfr.wordpress.com\/wp-content\/uploads\/2023\/06\/entreprise.png?w=699\" alt=\"\" class=\"wp-image-429\"><\/figure>\n<h2 class=\"wp-block-heading\">Stage en entreprise<\/h2>\n<p class=\"wp-block-paragraph\">Les formations professionnelles incluent dans leur cursus plusieurs\u00a0p\u00e9riodes de stage en entreprise. Ces\u00a0p\u00e9riodes, indispensables \u00e0 l\u2019\u00e9panouissement de nos \u00e9l\u00e8ves, leurs permet de confronter les comp\u00e9tences acquises au lyc\u00e9e Alfred Costes aux pratiques professionnelles qu\u2019ils auront \u00e0 d\u00e9velopper une fois entrer dans la vie active.<\/p>\n<p class=\"wp-block-paragraph\">La recherche de stage est rendue difficile par une demande de plus en plus concurrentielle et nos \u00e9l\u00e8ves n\u2019ont pas toujours des r\u00e9seaux souvent indispensables \u00e0 cette r\u00e9ussite.<\/p>\n<hr class=\"wp-block-separator has-alpha-channel-opacity is-style-wide\">\n<h2 class=\"wp-block-heading\">Taxe d\u2019apprentissage<\/h2>\n<p class=\"wp-block-paragraph\">C\u2019est un imp\u00f4t qui vise \u00e0 financer le d\u00e9veloppement de l\u2019enseignement technologique et professionnel et l\u2019apprentissage. Vous devez\u00a0acquitter cette taxe mais vous pouvez en choisir son destinataire !<\/p>\n<p class=\"wp-block-paragraph\"><strong>Comment verser la TVA ?<\/strong><\/p>\n<p class=\"wp-block-paragraph\">Les entreprises doivent verser leur taxe \u00e0 un Organisme Collecteur Agr\u00e9e avant le 1er mars de l\u2019ann\u00e9e scolaire en cours. Vous devez indiquer pr\u00e9cis\u00e9ment \u00e0 l\u2019organisme collecteur la destination de votre TA, par exemple : Lyc\u00e9e Alfred Costes. Pour cela demandez \u00e0 votre comptable d\u2019indiquer nos coordonn\u00e9es sur le formulaire de d\u00e9claration annuelle de donn\u00e9es sociales (DADS) ou sur la d\u00e9claration n\u00b0 2460. Nous sommes habilit\u00e9s \u00e0 percevoir la TA en Hors Quota, cat\u00e9gorie A<\/p>\n<hr class=\"wp-block-separator has-alpha-channel-opacity is-style-wide\">\n<figure class=\"wp-block-image size-large\"><img loading=\"lazy\" decoding=\"async\" data-attachment-id=\"433\" data-permalink=\"https:\/\/alfredcostesfr.wordpress.com\/les-entreprises\/nonauharcelement-12\/\" data-orig-file=\"https:\/\/alfredcostesfr.wordpress.com\/wp-content\/uploads\/2023\/06\/nonauharcelement-12.png\" data-orig-size=\"940,120\" data-comments-opened=\"1\" data-image-meta='{\"aperture\":\"0\",\"credit\":\"\",\"camera\":\"\",\"caption\":\"\",\"created_timestamp\":\"0\",\"copyright\":\"\",\"focal_length\":\"0\",\"iso\":\"0\",\"shutter_speed\":\"0\",\"title\":\"\",\"orientation\":\"0\"}' data-image-title=\"nonauharcelement-12\" data-image-description=\"\" data-image-caption=\"\" data-medium-file=\"https:\/\/alfredcostesfr.wordpress.com\/wp-content\/uploads\/2023\/06\/nonauharcelement-12.png?w=300\" data-large-file=\"https:\/\/alfredcostesfr.wordpress.com\/wp-content\/uploads\/2023\/06\/nonauharcelement-12.png?w=750\" width=\"940\" height=\"120\" src=\"https:\/\/alfredcostesfr.wordpress.com\/wp-content\/uploads\/2023\/06\/nonauharcelement-12.png?w=940\" alt=\"\" class=\"wp-image-433\"><\/figure>\n<\/p><\/div>\n","protected":false},"excerpt":{"rendered":"<p>Accueil Actualit\u00e9s Journ\u00e9es Portes Ouvertes Dates de PFMP 2025-2026 Oriane Conseils de classe Mini-Stages Formations Communication Visuelle et Plurim\u00e9dia Industries Graphiques et Plurim\u00e9dia Maintenance des \u00e9quipements industriels Cybers\u00e9curit\u00e9, informatique et r\u00e9seaux, \u00e9lectronique (CIEL) FCIL (Formations compl\u00e9mentaires d\u2019initiative locale) BTS ERPC (Etudes de r\u00e9alisation d\u2019un projet de communication) Troisi\u00e8me Pr\u00e9pa-M\u00e9tiers UPE2A Dispositif Nouvelle Chance Vie du [&hellip;]<\/p>\n","protected":false},"author":0,"featured_media":0,"parent":0,"menu_order":0,"comment_status":"closed","ping_status":"closed","template":"page-entreprises.php","meta":{"footnotes":""},"class_list":["post-18","page","type-page","status-publish","hentry"],"_links":{"self":[{"href":"https:\/\/v2.lycee-alfredcostes.fr\/index.php\/wp-json\/wp\/v2\/pages\/18","targetHints":{"allow":["GET"]}}],"collection":[{"href":"https:\/\/v2.lycee-alfredcostes.fr\/index.php\/wp-json\/wp\/v2\/pages"}],"about":[{"href":"https:\/\/v2.lycee-alfredcostes.fr\/index.php\/wp-json\/wp\/v2\/types\/page"}],"replies":[{"embeddable":true,"href":"https:\/\/v2.lycee-alfredcostes.fr\/index.php\/wp-json\/wp\/v2\/comments?post=18"}],"version-history":[{"count":0,"href":"https:\/\/v2.lycee-alfredcostes.fr\/index.php\/wp-json\/wp\/v2\/pages\/18\/revisions"}],"wp:attachment":[{"href":"https:\/\/v2.lycee-alfredcostes.fr\/index.php\/wp-json\/wp\/v2\/media?parent=18"}],"curies":[{"name":"wp","href":"https:\/\/api.w.org\/{rel}","templated":true}]}}